{"id":96,"date":"2020-03-30T08:00:59","date_gmt":"2020-03-30T08:00:59","guid":{"rendered":"https:\/\/tartecitron.fr\/?page_id=96"},"modified":"2020-04-26T15:51:50","modified_gmt":"2020-04-26T15:51:50","slug":"tarte-au-citron-cyril-lignac","status":"publish","type":"page","link":"https:\/\/tartecitron.fr\/?page_id=96","title":{"rendered":"Tarte au citron Cyril Lignac \u00e0 la cr\u00e8me p\u00e2tissi\u00e8re"},"content":{"rendered":"<h2 style=\"text-align: center;\">Tarte au citron Cyril LIGNAC<\/h2>\n<p>Aujourd&rsquo;hui je vous propose cette magnifique <a href=\"https:\/\/tartecitron.fr\/tarte-au-citron\/recette-tarte-au-citron\/\">recette tarte au citron<\/a> \u00e0 la cr\u00e8me patissiere du c\u00e9l\u00e8bre p\u00e2tissier Cyril LIGNAC, de quoi finir le repas en famille ou entre amis de la meilleure fa\u00e7on qu&rsquo;il soit, c&rsquo;est parfait \u00e9galement pour un go\u00fbter gourmand.<\/p>\n<p>Une tarte au citron reste un classique dans l&rsquo;univers des tartes, rien de bien plus compliqu\u00e9 qu&rsquo;une tarte au pomme ou autre (si un peu plus quand m\u00eame) qu&rsquo;on a d\u00e9j\u00e0 pr\u00e9par\u00e9 pour un dessert, le plaisir du dimanche ou toutes autre occasions (f\u00eates, anniversaires&#8230;.)<\/p>\n<p>Le chef p\u00e2tisser Cyril Lignac nous a revisit\u00e9 une tarte au citron et \u00e0 la cr\u00e8me p\u00e2tissi\u00e8re avec comme particularit\u00e9 l&rsquo;ajout de p\u00e9pites de chocolats dans la p\u00e2te \u00e0 tarte, ce qui a pour effet de la rendre plus gourmande.<\/p>\n<p>Faisons cette d\u00e9licieuse tarte, vous verrez que tout le monde va l\u2019adorer\u2026<\/p>\n<h2>Recette de la tarte au citron et \u00e0 la cr\u00e8me p\u00e2tissi\u00e8re de Cyril Lignac<\/h2>\n<h3>Les ingr\u00e9dients pour cette tarte au citron<\/h3>\n<p>Les ingr\u00e9dients n\u00e9cessaires sont :<\/p>\n<ul>\n<li>300 g de cr\u00e8me p\u00e2tissi\u00e8re<\/li>\n<li>300 g de farine<\/li>\n<li>2 \u0153ufs<\/li>\n<li>100 g de sucre<\/li>\n<li>110 g de beurre froid<\/li>\n<li>La moiti\u00e9 d&rsquo;un citron<\/li>\n<li>P\u00e9pites de chocolat environ 50 grammes<\/li>\n<li>sucre glace<\/li>\n<li>Levure chimique : 1\/2 sachet<\/li>\n<\/ul>\n<h3>Comment faire la tarte au citron cyril lignac<\/h3>\n<p>Tout d&rsquo;abord, il faut tamiser ensemble la farine ainsi que la levure dans un r\u00e9cipient \u00e0 la taille ad\u00e9quate (bol, saladier, ce que vous avez de disponible dans la cuisine).<\/p>\n<p>Ensuite, sur ce m\u00e9lange tamis\u00e9, ajoutez le zeste de citron avec le sucre. Puis au tour beurre, coup\u00e9 en morceau, d\u2019\u00eatre incorpor\u00e9.<\/p>\n<p>Maintenant il s&rsquo;agit de p\u00e9trir tout ce m\u00e9lange, a la main, le r\u00e9sultat doit \u00eatre une sorte de p\u00e2te \u00e9miett\u00e9e, et c&rsquo;est normale, pas d&rsquo;inqui\u00e9tude \u00e0 avoir, c&rsquo;est le but recherch\u00e9<\/p>\n<p>Une fois ce m\u00e9lange \u00e9miett\u00e9 obtenu, on ajoute les \u0153ufs un par un en p\u00e9trissant rapidement \u00e0 chaque fois.<\/p>\n<p>Il est temps d&rsquo;ajouter les p\u00e9pites de chocolat et m\u00e9langez jusqu\u2019\u00e0 ce la r\u00e9partition des p\u00e9pites vous semblent homog\u00e8nes.<\/p>\n<h3 style=\"text-align: center;\">Mise en place de la tarte au citron<\/h3>\n<p>Beurrez un moule d&rsquo;environ 20 centim\u00e8tres et posez la moiti\u00e9 de la p\u00e2te dessus et \u00e9talez la pour qu&rsquo;elle prenne la forme du moule.<\/p>\n<p>Ajoutez la cr\u00e8me anglaise dessus, puis c\u2019est au tour de la 2eme moiti\u00e9 de p\u00e2te d\u2019\u00eatre mise par dessus. un petit tour au four pendant 40 minutes \u00e0 180 degr\u00e9s<\/p>\n<p>\u00c7a y est votre <strong>tarte au citron Cyril Lignac<\/strong> doit \u00eatre enfin cuite, mettez la hors du four pour qu&rsquo;elle refroidisse. Une fois refroidie vous pouvez couper les parts avec une petite touche de sucre glace sur le dessus.<\/p>\n<p style=\"text-align: right;\"><em>Bon App\u00e9tit<\/em><\/p>\n<p>&nbsp;<\/p>\n","protected":false},"excerpt":{"rendered":"<p>Tarte au citron Cyril LIGNAC Aujourd&rsquo;hui je vous propose cette magnifique recette tarte au citron \u00e0 la cr\u00e8me patissiere du c\u00e9l\u00e8bre p\u00e2tissier Cyril LIGNAC, de quoi finir le repas en famille ou entre amis de la meilleure fa\u00e7on qu&rsquo;il soit, c&rsquo;est parfait \u00e9galement pour un go\u00fbter gourmand. Une tarte au &hellip; <\/p>\n","protected":false},"author":1,"featured_media":146,"parent":13,"menu_order":0,"comment_status":"closed","ping_status":"closed","template":"","meta":{"footnotes":""},"class_list":["post-96","page","type-page","status-publish","has-post-thumbnail","hentry"],"yoast_head":"<!-- This site is optimized with the Yoast SEO plugin v27.4 - https:\/\/yoast.com\/product\/yoast-seo-wordpress\/ -->\n<title>Tarte au citron Cyril Lignac \u00e0 la cr\u00e8me p\u00e2tissi\u00e8re - Tarte au Citron<\/title>\n<meta name=\"robots\" content=\"index, follow, max-snippet:-1, max-image-preview:large, max-video-preview:-1\" \/>\n<link rel=\"canonical\" href=\"https:\/\/tartecitron.fr\/?page_id=96\" \/>\n<meta property=\"og:locale\" content=\"fr_FR\" \/>\n<meta property=\"og:type\" content=\"article\" \/>\n<meta property=\"og:title\" content=\"Tarte au citron Cyril Lignac \u00e0 la cr\u00e8me p\u00e2tissi\u00e8re - Tarte au Citron\" \/>\n<meta property=\"og:description\" content=\"Tarte au citron Cyril LIGNAC Aujourd&rsquo;hui je vous propose cette magnifique recette tarte au citron \u00e0 la cr\u00e8me patissiere du c\u00e9l\u00e8bre p\u00e2tissier Cyril LIGNAC, de quoi finir le repas en famille ou entre amis de la meilleure fa\u00e7on qu&rsquo;il soit, c&rsquo;est parfait \u00e9galement pour un go\u00fbter gourmand. Une tarte au &hellip;\" \/>\n<meta property=\"og:url\" content=\"https:\/\/tartecitron.fr\/?page_id=96\" \/>\n<meta property=\"og:site_name\" content=\"Tarte au Citron\" \/>\n<meta property=\"article:modified_time\" content=\"2020-04-26T15:51:50+00:00\" \/>\n<meta property=\"og:image\" content=\"https:\/\/tartecitron.fr\/wp-content\/uploads\/2020\/04\/tarte-citron-et-creme-patissiere-cyril-lignac.jpg\" \/>\n\t<meta property=\"og:image:width\" content=\"1200\" \/>\n\t<meta property=\"og:image:height\" content=\"675\" \/>\n\t<meta property=\"og:image:type\" content=\"image\/jpeg\" \/>\n<meta name=\"twitter:card\" content=\"summary_large_image\" \/>\n<meta name=\"twitter:label1\" content=\"Dur\u00e9e de lecture estim\u00e9e\" \/>\n\t<meta name=\"twitter:data1\" content=\"2 minutes\" \/>\n<script type=\"application\/ld+json\" class=\"yoast-schema-graph\">{\"@context\":\"https:\\\/\\\/schema.org\",\"@graph\":[{\"@type\":\"WebPage\",\"@id\":\"https:\\\/\\\/tartecitron.fr\\\/?page_id=96\",\"url\":\"https:\\\/\\\/tartecitron.fr\\\/?page_id=96\",\"name\":\"Tarte au citron Cyril Lignac \u00e0 la cr\u00e8me p\u00e2tissi\u00e8re - Tarte au Citron\",\"isPartOf\":{\"@id\":\"https:\\\/\\\/tartecitron.fr\\\/#website\"},\"primaryImageOfPage\":{\"@id\":\"https:\\\/\\\/tartecitron.fr\\\/?page_id=96#primaryimage\"},\"image\":{\"@id\":\"https:\\\/\\\/tartecitron.fr\\\/?page_id=96#primaryimage\"},\"thumbnailUrl\":\"https:\\\/\\\/tartecitron.fr\\\/wp-content\\\/uploads\\\/2020\\\/04\\\/tarte-citron-et-creme-patissiere-cyril-lignac.jpg\",\"datePublished\":\"2020-03-30T08:00:59+00:00\",\"dateModified\":\"2020-04-26T15:51:50+00:00\",\"breadcrumb\":{\"@id\":\"https:\\\/\\\/tartecitron.fr\\\/?page_id=96#breadcrumb\"},\"inLanguage\":\"fr-FR\",\"potentialAction\":[{\"@type\":\"ReadAction\",\"target\":[\"https:\\\/\\\/tartecitron.fr\\\/?page_id=96\"]}]},{\"@type\":\"ImageObject\",\"inLanguage\":\"fr-FR\",\"@id\":\"https:\\\/\\\/tartecitron.fr\\\/?page_id=96#primaryimage\",\"url\":\"https:\\\/\\\/tartecitron.fr\\\/wp-content\\\/uploads\\\/2020\\\/04\\\/tarte-citron-et-creme-patissiere-cyril-lignac.jpg\",\"contentUrl\":\"https:\\\/\\\/tartecitron.fr\\\/wp-content\\\/uploads\\\/2020\\\/04\\\/tarte-citron-et-creme-patissiere-cyril-lignac.jpg\",\"width\":1200,\"height\":675,\"caption\":\"Tarte au citron Cyril Lignac \u00e0 la cr\u00e8me p\u00e2tissi\u00e8re\"},{\"@type\":\"BreadcrumbList\",\"@id\":\"https:\\\/\\\/tartecitron.fr\\\/?page_id=96#breadcrumb\",\"itemListElement\":[{\"@type\":\"ListItem\",\"position\":1,\"name\":\"Accueil\",\"item\":\"https:\\\/\\\/tartecitron.fr\\\/\"},{\"@type\":\"ListItem\",\"position\":2,\"name\":\"Tarte au Citron\",\"item\":\"https:\\\/\\\/tartecitron.fr\\\/?page_id=5\"},{\"@type\":\"ListItem\",\"position\":3,\"name\":\"recette tarte au citron\",\"item\":\"https:\\\/\\\/tartecitron.fr\\\/\"},{\"@type\":\"ListItem\",\"position\":4,\"name\":\"Tarte au citron Cyril Lignac \u00e0 la cr\u00e8me p\u00e2tissi\u00e8re\"}]},{\"@type\":\"WebSite\",\"@id\":\"https:\\\/\\\/tartecitron.fr\\\/#website\",\"url\":\"https:\\\/\\\/tartecitron.fr\\\/\",\"name\":\"Tarte au Citron\",\"description\":\"Blog Citronn\u00e9e\",\"potentialAction\":[{\"@type\":\"SearchAction\",\"target\":{\"@type\":\"EntryPoint\",\"urlTemplate\":\"https:\\\/\\\/tartecitron.fr\\\/?s={search_term_string}\"},\"query-input\":{\"@type\":\"PropertyValueSpecification\",\"valueRequired\":true,\"valueName\":\"search_term_string\"}}],\"inLanguage\":\"fr-FR\"}]}<\/script>\n<!-- \/ Yoast SEO plugin. -->","yoast_head_json":{"title":"Tarte au citron Cyril Lignac \u00e0 la cr\u00e8me p\u00e2tissi\u00e8re - Tarte au Citron","robots":{"index":"index","follow":"follow","max-snippet":"max-snippet:-1","max-image-preview":"max-image-preview:large","max-video-preview":"max-video-preview:-1"},"canonical":"https:\/\/tartecitron.fr\/?page_id=96","og_locale":"fr_FR","og_type":"article","og_title":"Tarte au citron Cyril Lignac \u00e0 la cr\u00e8me p\u00e2tissi\u00e8re - Tarte au Citron","og_description":"Tarte au citron Cyril LIGNAC Aujourd&rsquo;hui je vous propose cette magnifique recette tarte au citron \u00e0 la cr\u00e8me patissiere du c\u00e9l\u00e8bre p\u00e2tissier Cyril LIGNAC, de quoi finir le repas en famille ou entre amis de la meilleure fa\u00e7on qu&rsquo;il soit, c&rsquo;est parfait \u00e9galement pour un go\u00fbter gourmand. Une tarte au &hellip;","og_url":"https:\/\/tartecitron.fr\/?page_id=96","og_site_name":"Tarte au Citron","article_modified_time":"2020-04-26T15:51:50+00:00","og_image":[{"width":1200,"height":675,"url":"https:\/\/tartecitron.fr\/wp-content\/uploads\/2020\/04\/tarte-citron-et-creme-patissiere-cyril-lignac.jpg","type":"image\/jpeg"}],"twitter_card":"summary_large_image","twitter_misc":{"Dur\u00e9e de lecture estim\u00e9e":"2 minutes"},"schema":{"@context":"https:\/\/schema.org","@graph":[{"@type":"WebPage","@id":"https:\/\/tartecitron.fr\/?page_id=96","url":"https:\/\/tartecitron.fr\/?page_id=96","name":"Tarte au citron Cyril Lignac \u00e0 la cr\u00e8me p\u00e2tissi\u00e8re - Tarte au Citron","isPartOf":{"@id":"https:\/\/tartecitron.fr\/#website"},"primaryImageOfPage":{"@id":"https:\/\/tartecitron.fr\/?page_id=96#primaryimage"},"image":{"@id":"https:\/\/tartecitron.fr\/?page_id=96#primaryimage"},"thumbnailUrl":"https:\/\/tartecitron.fr\/wp-content\/uploads\/2020\/04\/tarte-citron-et-creme-patissiere-cyril-lignac.jpg","datePublished":"2020-03-30T08:00:59+00:00","dateModified":"2020-04-26T15:51:50+00:00","breadcrumb":{"@id":"https:\/\/tartecitron.fr\/?page_id=96#breadcrumb"},"inLanguage":"fr-FR","potentialAction":[{"@type":"ReadAction","target":["https:\/\/tartecitron.fr\/?page_id=96"]}]},{"@type":"ImageObject","inLanguage":"fr-FR","@id":"https:\/\/tartecitron.fr\/?page_id=96#primaryimage","url":"https:\/\/tartecitron.fr\/wp-content\/uploads\/2020\/04\/tarte-citron-et-creme-patissiere-cyril-lignac.jpg","contentUrl":"https:\/\/tartecitron.fr\/wp-content\/uploads\/2020\/04\/tarte-citron-et-creme-patissiere-cyril-lignac.jpg","width":1200,"height":675,"caption":"Tarte au citron Cyril Lignac \u00e0 la cr\u00e8me p\u00e2tissi\u00e8re"},{"@type":"BreadcrumbList","@id":"https:\/\/tartecitron.fr\/?page_id=96#breadcrumb","itemListElement":[{"@type":"ListItem","position":1,"name":"Accueil","item":"https:\/\/tartecitron.fr\/"},{"@type":"ListItem","position":2,"name":"Tarte au Citron","item":"https:\/\/tartecitron.fr\/?page_id=5"},{"@type":"ListItem","position":3,"name":"recette tarte au citron","item":"https:\/\/tartecitron.fr\/"},{"@type":"ListItem","position":4,"name":"Tarte au citron Cyril Lignac \u00e0 la cr\u00e8me p\u00e2tissi\u00e8re"}]},{"@type":"WebSite","@id":"https:\/\/tartecitron.fr\/#website","url":"https:\/\/tartecitron.fr\/","name":"Tarte au Citron","description":"Blog Citronn\u00e9e","potentialAction":[{"@type":"SearchAction","target":{"@type":"EntryPoint","urlTemplate":"https:\/\/tartecitron.fr\/?s={search_term_string}"},"query-input":{"@type":"PropertyValueSpecification","valueRequired":true,"valueName":"search_term_string"}}],"inLanguage":"fr-FR"}]}},"_links":{"self":[{"href":"https:\/\/tartecitron.fr\/index.php?rest_route=\/wp\/v2\/pages\/96","targetHints":{"allow":["GET"]}}],"collection":[{"href":"https:\/\/tartecitron.fr\/index.php?rest_route=\/wp\/v2\/pages"}],"about":[{"href":"https:\/\/tartecitron.fr\/index.php?rest_route=\/wp\/v2\/types\/page"}],"author":[{"embeddable":true,"href":"https:\/\/tartecitron.fr\/index.php?rest_route=\/wp\/v2\/users\/1"}],"replies":[{"embeddable":true,"href":"https:\/\/tartecitron.fr\/index.php?rest_route=%2Fwp%2Fv2%2Fcomments&post=96"}],"version-history":[{"count":7,"href":"https:\/\/tartecitron.fr\/index.php?rest_route=\/wp\/v2\/pages\/96\/revisions"}],"predecessor-version":[{"id":108,"href":"https:\/\/tartecitron.fr\/index.php?rest_route=\/wp\/v2\/pages\/96\/revisions\/108"}],"up":[{"embeddable":true,"href":"https:\/\/tartecitron.fr\/index.php?rest_route=\/wp\/v2\/pages\/13"}],"wp:featuredmedia":[{"embeddable":true,"href":"https:\/\/tartecitron.fr\/index.php?rest_route=\/wp\/v2\/media\/146"}],"wp:attachment":[{"href":"https:\/\/tartecitron.fr\/index.php?rest_route=%2Fwp%2Fv2%2Fmedia&parent=96"}],"curies":[{"name":"wp","href":"https:\/\/api.w.org\/{rel}","templated":true}]}}